{"id":236,"date":"2021-03-08T09:34:04","date_gmt":"2021-03-08T09:34:04","guid":{"rendered":"https:\/\/scoalaberceniph.ro\/?page_id=236"},"modified":"2021-03-08T09:34:04","modified_gmt":"2021-03-08T09:34:04","slug":"documente-manageriale","status":"publish","type":"page","link":"https:\/\/scoalaberceniph.ro\/index.php\/documente-manageriale\/","title":{"rendered":"Documente manageriale"},"content":{"rendered":"<section class=\"l-section wpb_row height_medium\"><div class=\"l-section-h i-cf\"><div class=\"g-cols via_flex valign_top type_default\"><div class=\"vc_col-sm-12 wpb_column vc_column_container\"><div class=\"vc_column-inner\"><div class=\"wpb_wrapper\"><div class=\"wpb_text_column\"><div class=\"wpb_wrapper\"><h3><strong>Documente manageriale<\/strong><\/h3>\n<\/div><\/div><div class=\"w-separator size_small with_line width_default thick_1 style_dashed color_border align_center\"><div class=\"w-separator-h\"><\/div><\/div><\/div><\/div><\/div><\/div><\/div><\/section><section class=\"l-section wpb_row height_auto\"><div class=\"l-section-h i-cf\"><div class=\"g-cols via_flex valign_top type_default\"><div class=\"vc_col-sm-12 wpb_column vc_column_container\"><div class=\"vc_column-inner\"><div class=\"wpb_wrapper\"><div class=\"w-grid type_grid layout_81\" id=\"us_grid_1\" data-filterable=\"true\"><style>#us_grid_1 .w-grid-item:not(:last-child){margin-bottom:5px}#us_grid_1 .g-loadmore{margin-top:5px}.layout_81 .w-grid-item-h{}.layout_81 .usg_hwrapper_1{transition-duration:0.3s;transform-origin:50% 50%;transform:scale(1) translate(0%,0%)}.layout_81 .w-grid-item-h:hover .usg_hwrapper_1{transform:scale(1) translate(2%,0%);opacity:1}<\/style><div class=\"w-grid-list\">\t<article class=\"w-grid-item size_1x1 post-1056 post type-post status-publish format-standard hentry category-alte-informatii category-documente-manageriale\" data-id=\"1056\">\r\n\t\t<div class=\"w-grid-item-h\">\r\n\t\t\t\t\t\t<div class=\"w-hwrapper usg_hwrapper_1 align_left valign_baseline\" style=\"--hwrapper-gap:5px\"><p class=\"w-text usg_text_1\"><span class=\"w-text-h\"><i class=\"fas fa-chevron-right\"><\/i><span class=\"w-text-value\"><\/span><\/span><\/p><p class=\"w-post-elm post_title usg_post_title_1 align_left entry-title color_link_inherit\"><a href=\"https:\/\/scoalaberceniph.ro\/index.php\/2025\/10\/17\/plan-managerial-an-scolar-2025-2026-director\/\">Plan managerial, an scolar 2025 &#8211; 2026 &#8211; Director<\/a><\/p><\/div>\t\t<\/div>\r\n\t<\/article>\r\n\t<article class=\"w-grid-item size_1x1 post-1053 post type-post status-publish format-standard hentry category-alte-informatii category-documente-manageriale\" data-id=\"1053\">\r\n\t\t<div class=\"w-grid-item-h\">\r\n\t\t\t\t\t\t<div class=\"w-hwrapper usg_hwrapper_1 align_left valign_baseline\" style=\"--hwrapper-gap:5px\"><p class=\"w-text usg_text_1\"><span class=\"w-text-h\"><i class=\"fas fa-chevron-right\"><\/i><span class=\"w-text-value\"><\/span><\/span><\/p><p class=\"w-post-elm post_title usg_post_title_1 align_left entry-title color_link_inherit\"><a href=\"https:\/\/scoalaberceniph.ro\/index.php\/2025\/10\/17\/plan-managerial-an-scolar-2025-2026-director-adjunct\/\">Plan managerial, an scolar 2025 &#8211; 2026 &#8211; Director Adjunct<\/a><\/p><\/div>\t\t<\/div>\r\n\t<\/article>\r\n\t<article class=\"w-grid-item size_1x1 post-1050 post type-post status-publish format-standard hentry category-alte-informatii category-documente-manageriale\" data-id=\"1050\">\r\n\t\t<div class=\"w-grid-item-h\">\r\n\t\t\t\t\t\t<div class=\"w-hwrapper usg_hwrapper_1 align_left valign_baseline\" style=\"--hwrapper-gap:5px\"><p class=\"w-text usg_text_1\"><span class=\"w-text-h\"><i class=\"fas fa-chevron-right\"><\/i><span class=\"w-text-value\"><\/span><\/span><\/p><p class=\"w-post-elm post_title usg_post_title_1 align_left entry-title color_link_inherit\"><a href=\"https:\/\/scoalaberceniph.ro\/index.php\/2025\/10\/15\/regulament-intern-al-scolii-gimnaziale-comuna-berceni-anul-scolar-2025-2026\/\">Regulament intern al Scolii Gimnaziale, Comuna Berceni &#8211; Anul scolar 2025 &#8211; 2026<\/a><\/p><\/div>\t\t<\/div>\r\n\t<\/article>\r\n\t<article class=\"w-grid-item size_1x1 post-1047 post type-post status-publish format-standard hentry category-alte-informatii category-documente-manageriale\" data-id=\"1047\">\r\n\t\t<div class=\"w-grid-item-h\">\r\n\t\t\t\t\t\t<div class=\"w-hwrapper usg_hwrapper_1 align_left valign_baseline\" style=\"--hwrapper-gap:5px\"><p class=\"w-text usg_text_1\"><span class=\"w-text-h\"><i class=\"fas fa-chevron-right\"><\/i><span class=\"w-text-value\"><\/span><\/span><\/p><p class=\"w-post-elm post_title usg_post_title_1 align_left entry-title color_link_inherit\"><a href=\"https:\/\/scoalaberceniph.ro\/index.php\/2025\/10\/15\/regulament-de-organizare-si-functionare-a-scolii-gimnaziale-comuna-berceni-jud-prahova-an-scolar-2025-2026\/\">Regulament de organizare si functionare a Scolii Gimnaziale, comuna Berceni, jud. Prahova &#8211; An scolar 2025 &#8211; 2026<\/a><\/p><\/div>\t\t<\/div>\r\n\t<\/article>\r\n\t<article class=\"w-grid-item size_1x1 post-1040 post type-post status-publish format-standard hentry category-alte-informatii category-documente-manageriale\" data-id=\"1040\">\r\n\t\t<div class=\"w-grid-item-h\">\r\n\t\t\t\t\t\t<div class=\"w-hwrapper usg_hwrapper_1 align_left valign_baseline\" style=\"--hwrapper-gap:5px\"><p class=\"w-text usg_text_1\"><span class=\"w-text-h\"><i class=\"fas fa-chevron-right\"><\/i><span class=\"w-text-value\"><\/span><\/span><\/p><p class=\"w-post-elm post_title usg_post_title_1 align_left entry-title color_link_inherit\"><a href=\"https:\/\/scoalaberceniph.ro\/index.php\/2025\/10\/02\/transparenta-salarii-septembrie-2025\/\">Transparenta salarii septembrie 2025<\/a><\/p><\/div>\t\t<\/div>\r\n\t<\/article>\r\n\t<article class=\"w-grid-item size_1x1 post-966 post type-post status-publish format-standard hentry category-alte-informatii category-documente-manageriale\" data-id=\"966\">\r\n\t\t<div class=\"w-grid-item-h\">\r\n\t\t\t\t\t\t<div class=\"w-hwrapper usg_hwrapper_1 align_left valign_baseline\" style=\"--hwrapper-gap:5px\"><p class=\"w-text usg_text_1\"><span class=\"w-text-h\"><i class=\"fas fa-chevron-right\"><\/i><span class=\"w-text-value\"><\/span><\/span><\/p><p class=\"w-post-elm post_title usg_post_title_1 align_left entry-title color_link_inherit\"><a href=\"https:\/\/scoalaberceniph.ro\/index.php\/2025\/03\/19\/transparenta-salarii-martie-2025\/\">Transparenta salarii martie 2025<\/a><\/p><\/div>\t\t<\/div>\r\n\t<\/article>\r\n\t<article class=\"w-grid-item size_1x1 post-753 post type-post status-publish format-standard hentry category-documente-manageriale\" data-id=\"753\">\r\n\t\t<div class=\"w-grid-item-h\">\r\n\t\t\t\t\t\t<div class=\"w-hwrapper usg_hwrapper_1 align_left valign_baseline\" style=\"--hwrapper-gap:5px\"><p class=\"w-text usg_text_1\"><span class=\"w-text-h\"><i class=\"fas fa-chevron-right\"><\/i><span class=\"w-text-value\"><\/span><\/span><\/p><p class=\"w-post-elm post_title usg_post_title_1 align_left entry-title color_link_inherit\"><a href=\"https:\/\/scoalaberceniph.ro\/index.php\/2024\/10\/18\/regulament-de-organizare-si-functionare-a-scolii-gimnaziale-comuna-berceni-jud-prahova-an-scolar-2024-2025\/\">REGULAMENT DE ORGANIZARE \u0218I FUNC\u021aIONARE A \u0218colii Gimnaziale, comuna Berceni, jud. Prahova AN \u0218COLAR 2024 &#8211; 2025<\/a><\/p><\/div>\t\t<\/div>\r\n\t<\/article>\r\n\t<article class=\"w-grid-item size_1x1 post-750 post type-post status-publish format-standard hentry category-documente-manageriale\" data-id=\"750\">\r\n\t\t<div class=\"w-grid-item-h\">\r\n\t\t\t\t\t\t<div class=\"w-hwrapper usg_hwrapper_1 align_left valign_baseline\" style=\"--hwrapper-gap:5px\"><p class=\"w-text usg_text_1\"><span class=\"w-text-h\"><i class=\"fas fa-chevron-right\"><\/i><span class=\"w-text-value\"><\/span><\/span><\/p><p class=\"w-post-elm post_title usg_post_title_1 align_left entry-title color_link_inherit\"><a href=\"https:\/\/scoalaberceniph.ro\/index.php\/2024\/10\/18\/raport-privind-starea-si-calitatea-invatamantului-in-scoala-gimnaziala-comuna-berceni-an-scolar-2023-2024\/\">RAPORT PRIVIND STAREA \u015eI CALITATEA \u00ceNV\u0102\u021a\u0102M\u00c2NTULUI \u00een \u0218coala Gimnazial\u0103, comuna Berceni AN \u0218COLAR 2023\u20132024<\/a><\/p><\/div>\t\t<\/div>\r\n\t<\/article>\r\n\t<article class=\"w-grid-item size_1x1 post-747 post type-post status-publish format-standard hentry category-documente-manageriale\" data-id=\"747\">\r\n\t\t<div class=\"w-grid-item-h\">\r\n\t\t\t\t\t\t<div class=\"w-hwrapper usg_hwrapper_1 align_left valign_baseline\" style=\"--hwrapper-gap:5px\"><p class=\"w-text usg_text_1\"><span class=\"w-text-h\"><i class=\"fas fa-chevron-right\"><\/i><span class=\"w-text-value\"><\/span><\/span><\/p><p class=\"w-post-elm post_title usg_post_title_1 align_left entry-title color_link_inherit\"><a href=\"https:\/\/scoalaberceniph.ro\/index.php\/2024\/10\/18\/regulamentul-intern-al-scolii-gimnaziale-comuna-berceni-an-scolar-2024-2025\/\">REGULAMENTUL INTERN al \u0218colii Gimnaziale, comuna Berceni &#8211; AN \u0218COLAR 2024 &#8211; 2025<\/a><\/p><\/div>\t\t<\/div>\r\n\t<\/article>\r\n\t<article class=\"w-grid-item size_1x1 post-735 post type-post status-publish format-standard hentry category-documente-manageriale\" data-id=\"735\">\r\n\t\t<div class=\"w-grid-item-h\">\r\n\t\t\t\t\t\t<div class=\"w-hwrapper usg_hwrapper_1 align_left valign_baseline\" style=\"--hwrapper-gap:5px\"><p class=\"w-text usg_text_1\"><span class=\"w-text-h\"><i class=\"fas fa-chevron-right\"><\/i><span class=\"w-text-value\"><\/span><\/span><\/p><p class=\"w-post-elm post_title usg_post_title_1 align_left entry-title color_link_inherit\"><a href=\"https:\/\/scoalaberceniph.ro\/index.php\/2024\/10\/07\/procedura-operationala-privind-reglementarea-accesului-in-unitatea-de-invatamant\/\">Procedura Operationala privind reglementarea accesului in unitatea de invatamant<\/a><\/p><\/div>\t\t<\/div>\r\n\t<\/article>\r\n\t<article class=\"w-grid-item size_1x1 post-732 post type-post status-publish format-standard hentry category-documente-manageriale\" data-id=\"732\">\r\n\t\t<div class=\"w-grid-item-h\">\r\n\t\t\t\t\t\t<div class=\"w-hwrapper usg_hwrapper_1 align_left valign_baseline\" style=\"--hwrapper-gap:5px\"><p class=\"w-text usg_text_1\"><span class=\"w-text-h\"><i class=\"fas fa-chevron-right\"><\/i><span class=\"w-text-value\"><\/span><\/span><\/p><p class=\"w-post-elm post_title usg_post_title_1 align_left entry-title color_link_inherit\"><a href=\"https:\/\/scoalaberceniph.ro\/index.php\/2024\/10\/07\/plan-managerial-al-coordonatorului-de-proiecte-si-programe-educative-an-scolar-2024-2025\/\">Plan Managerial al Coordonatorului de proiecte si programe educative &#8211; An Scolar 2024 &#8211; 2025<\/a><\/p><\/div>\t\t<\/div>\r\n\t<\/article>\r\n\t<article class=\"w-grid-item size_1x1 post-729 post type-post status-publish format-standard hentry category-documente-manageriale\" data-id=\"729\">\r\n\t\t<div class=\"w-grid-item-h\">\r\n\t\t\t\t\t\t<div class=\"w-hwrapper usg_hwrapper_1 align_left valign_baseline\" style=\"--hwrapper-gap:5px\"><p class=\"w-text usg_text_1\"><span class=\"w-text-h\"><i class=\"fas fa-chevron-right\"><\/i><span class=\"w-text-value\"><\/span><\/span><\/p><p class=\"w-post-elm post_title usg_post_title_1 align_left entry-title color_link_inherit\"><a href=\"https:\/\/scoalaberceniph.ro\/index.php\/2024\/10\/07\/plan-managerial-director-2024-2025\/\">Plan Managerial &#8211; Director &#8211; 2024 &#8211; 2025<\/a><\/p><\/div>\t\t<\/div>\r\n\t<\/article>\r\n\t<article class=\"w-grid-item size_1x1 post-726 post type-post status-publish format-standard hentry category-documente-manageriale\" data-id=\"726\">\r\n\t\t<div class=\"w-grid-item-h\">\r\n\t\t\t\t\t\t<div class=\"w-hwrapper usg_hwrapper_1 align_left valign_baseline\" style=\"--hwrapper-gap:5px\"><p class=\"w-text usg_text_1\"><span class=\"w-text-h\"><i class=\"fas fa-chevron-right\"><\/i><span class=\"w-text-value\"><\/span><\/span><\/p><p class=\"w-post-elm post_title usg_post_title_1 align_left entry-title color_link_inherit\"><a href=\"https:\/\/scoalaberceniph.ro\/index.php\/2024\/10\/07\/plan-managerial-director-adjunct-2024-2025\/\">Plan Managerial &#8211; Director Adjunct &#8211; 2024 &#8211; 2025<\/a><\/p><\/div>\t\t<\/div>\r\n\t<\/article>\r\n\t<article class=\"w-grid-item size_1x1 post-723 post type-post status-publish format-standard hentry category-documente-manageriale\" data-id=\"723\">\r\n\t\t<div class=\"w-grid-item-h\">\r\n\t\t\t\t\t\t<div class=\"w-hwrapper usg_hwrapper_1 align_left valign_baseline\" style=\"--hwrapper-gap:5px\"><p class=\"w-text usg_text_1\"><span class=\"w-text-h\"><i class=\"fas fa-chevron-right\"><\/i><span class=\"w-text-value\"><\/span><\/span><\/p><p class=\"w-post-elm post_title usg_post_title_1 align_left entry-title color_link_inherit\"><a href=\"https:\/\/scoalaberceniph.ro\/index.php\/2024\/10\/07\/codul-de-conduita-etica\/\">Codul de conduita etica<\/a><\/p><\/div>\t\t<\/div>\r\n\t<\/article>\r\n\t<article class=\"w-grid-item size_1x1 post-595 post type-post status-publish format-standard hentry category-alte-informatii category-documente-manageriale\" data-id=\"595\">\r\n\t\t<div class=\"w-grid-item-h\">\r\n\t\t\t\t\t\t<div class=\"w-hwrapper usg_hwrapper_1 align_left valign_baseline\" style=\"--hwrapper-gap:5px\"><p class=\"w-text usg_text_1\"><span class=\"w-text-h\"><i class=\"fas fa-chevron-right\"><\/i><span class=\"w-text-value\"><\/span><\/span><\/p><p class=\"w-post-elm post_title usg_post_title_1 align_left entry-title color_link_inherit\"><a href=\"https:\/\/scoalaberceniph.ro\/index.php\/2023\/10\/06\/transparenta-salarii-septembrie-2023\/\">Transparenta salarii &#8211; Septembrie 2023<\/a><\/p><\/div>\t\t<\/div>\r\n\t<\/article>\r\n\t<article class=\"w-grid-item size_1x1 post-546 post type-post status-publish format-standard hentry category-documente-manageriale\" data-id=\"546\">\r\n\t\t<div class=\"w-grid-item-h\">\r\n\t\t\t\t\t\t<div class=\"w-hwrapper usg_hwrapper_1 align_left valign_baseline\" style=\"--hwrapper-gap:5px\"><p class=\"w-text usg_text_1\"><span class=\"w-text-h\"><i class=\"fas fa-chevron-right\"><\/i><span class=\"w-text-value\"><\/span><\/span><\/p><p class=\"w-post-elm post_title usg_post_title_1 align_left entry-title color_link_inherit\"><a href=\"https:\/\/scoalaberceniph.ro\/index.php\/2022\/09\/30\/lista-tuturor-functiilor-din-scoala-gimnaziala-comuna-berceni-in-categoria-personalului-platit-din-fondul-public-la-data-de-01-09-2022\/\">Lista tuturor functiilor din Scoala Gimnaziala, Comuna Berceni, in categoria personalului platit din fondul public la data de 01.09.2022<\/a><\/p><\/div>\t\t<\/div>\r\n\t<\/article>\r\n\t<article class=\"w-grid-item size_1x1 post-510 post type-post status-publish format-standard hentry category-alte-informatii category-documente-manageriale\" data-id=\"510\">\r\n\t\t<div class=\"w-grid-item-h\">\r\n\t\t\t\t\t\t<div class=\"w-hwrapper usg_hwrapper_1 align_left valign_baseline\" style=\"--hwrapper-gap:5px\"><p class=\"w-text usg_text_1\"><span class=\"w-text-h\"><i class=\"fas fa-chevron-right\"><\/i><span class=\"w-text-value\"><\/span><\/span><\/p><p class=\"w-post-elm post_title usg_post_title_1 align_left entry-title color_link_inherit\"><a href=\"https:\/\/scoalaberceniph.ro\/index.php\/2022\/03\/09\/anunt-concurs-pentru-post-contractual-administrator-financiar-05-norma\/\">Anunt concurs pentru post contractual &#8211; Administrator financiar &#8211; 0,5 norma<\/a><\/p><\/div>\t\t<\/div>\r\n\t<\/article>\r\n\t<article class=\"w-grid-item size_1x1 post-507 post type-post status-publish format-standard hentry category-alte-informatii category-documente-manageriale\" data-id=\"507\">\r\n\t\t<div class=\"w-grid-item-h\">\r\n\t\t\t\t\t\t<div class=\"w-hwrapper usg_hwrapper_1 align_left valign_baseline\" style=\"--hwrapper-gap:5px\"><p class=\"w-text usg_text_1\"><span class=\"w-text-h\"><i class=\"fas fa-chevron-right\"><\/i><span class=\"w-text-value\"><\/span><\/span><\/p><p class=\"w-post-elm post_title usg_post_title_1 align_left entry-title color_link_inherit\"><a href=\"https:\/\/scoalaberceniph.ro\/index.php\/2022\/03\/09\/anunt-concurs-pentru-post-contractual-bibliotecar-05-norma\/\">Anunt concurs pentru post contractual &#8211; Bibliotecar &#8211; 0,5 norma<\/a><\/p><\/div>\t\t<\/div>\r\n\t<\/article>\r\n\t<article class=\"w-grid-item size_1x1 post-504 post type-post status-publish format-standard hentry category-documente-manageriale\" data-id=\"504\">\r\n\t\t<div class=\"w-grid-item-h\">\r\n\t\t\t\t\t\t<div class=\"w-hwrapper usg_hwrapper_1 align_left valign_baseline\" style=\"--hwrapper-gap:5px\"><p class=\"w-text usg_text_1\"><span class=\"w-text-h\"><i class=\"fas fa-chevron-right\"><\/i><span class=\"w-text-value\"><\/span><\/span><\/p><p class=\"w-post-elm post_title usg_post_title_1 align_left entry-title color_link_inherit\"><a href=\"https:\/\/scoalaberceniph.ro\/index.php\/2022\/02\/25\/lista-tuturor-functiilor-din-scoala-gimnaziala-comuna-berceni-in-categoria-personalului-platit-din-fondul-public-la-data-de-01-09-2021-2\/\">Lista tuturor functiilor din Scoala Gimnaziala, Comuna Berceni, in categoria personalului platit din fondul public la data de 01.09.2021<\/a><\/p><\/div>\t\t<\/div>\r\n\t<\/article>\r\n\t<article class=\"w-grid-item size_1x1 post-498 post type-post status-publish format-standard hentry category-documente-manageriale\" data-id=\"498\">\r\n\t\t<div class=\"w-grid-item-h\">\r\n\t\t\t\t\t\t<div class=\"w-hwrapper usg_hwrapper_1 align_left valign_baseline\" style=\"--hwrapper-gap:5px\"><p class=\"w-text usg_text_1\"><span class=\"w-text-h\"><i class=\"fas fa-chevron-right\"><\/i><span class=\"w-text-value\"><\/span><\/span><\/p><p class=\"w-post-elm post_title usg_post_title_1 align_left entry-title color_link_inherit\"><a href=\"https:\/\/scoalaberceniph.ro\/index.php\/2022\/02\/01\/raport-de-activitate-pentru-anul-scolar-2020-2021\/\">Raport de activitate pentru anul scolar 2020-2021<\/a><\/p><\/div>\t\t<\/div>\r\n\t<\/article>\r\n<\/div><div class=\"w-grid-preloader\"><div class=\"g-preloader type_1\">\r\n\t<div><\/div>\r\n<\/div>\r\n<\/div>\t\t<div class=\"g-loadmore \">\r\n\t\t\t<div class=\"g-preloader type_1\">\r\n\t\t\t\t<div><\/div>\r\n\t\t\t<\/div>\r\n\t\t\t<a class=\"w-btn us-btn-style_1\" href=\"javascript:void(0)\">\r\n\t\t\t\t<span class=\"w-btn-label\">Afiseaza mai mult<\/span>\r\n\t\t\t<\/a>\r\n\t\t<\/div>\r\n\t\t\t<div class=\"w-grid-json hidden\" onclick='return {&quot;action&quot;:&quot;us_ajax_grid&quot;,&quot;ajax_url&quot;:&quot;https:\\\/\\\/scoalaberceniph.ro\\\/wp-admin\\\/admin-ajax.php&quot;,&quot;infinite_scroll&quot;:0,&quot;max_num_pages&quot;:3,&quot;pagination&quot;:&quot;ajax&quot;,&quot;permalink_url&quot;:&quot;https:\\\/\\\/scoalaberceniph.ro\\\/wp-json\\\/wp\\\/v2\\\/pages\\\/236&quot;,&quot;template_vars&quot;:{&quot;columns&quot;:&quot;1&quot;,&quot;exclude_items&quot;:&quot;none&quot;,&quot;img_size&quot;:&quot;default&quot;,&quot;ignore_items_size&quot;:false,&quot;items_layout&quot;:&quot;81&quot;,&quot;items_offset&quot;:&quot;1&quot;,&quot;load_animation&quot;:&quot;none&quot;,&quot;overriding_link&quot;:&quot;none&quot;,&quot;post_id&quot;:236,&quot;query_args&quot;:{&quot;post_type&quot;:[&quot;post&quot;],&quot;tax_query&quot;:[{&quot;taxonomy&quot;:&quot;category&quot;,&quot;field&quot;:&quot;slug&quot;,&quot;terms&quot;:[&quot;documente-manageriale&quot;]}],&quot;post_status&quot;:[&quot;publish&quot;],&quot;posts_per_page&quot;:&quot;20&quot;},&quot;orderby_query_args&quot;:{&quot;orderby&quot;:{&quot;date&quot;:&quot;DESC&quot;}},&quot;type&quot;:&quot;grid&quot;,&quot;us_grid_ajax_index&quot;:1,&quot;us_grid_filter_params&quot;:null,&quot;us_grid_index&quot;:1,&quot;_us_grid_post_type&quot;:&quot;post&quot;}}'><\/div>\r\n\t<\/div><\/div><\/div><\/div><\/div><\/div><\/section>\n","protected":false},"excerpt":{"rendered":"<p>Atasamente Raport de activitate pentru anul scolar 2020-2021 (2 MB)<\/p>\n","protected":false},"author":1,"featured_media":0,"parent":0,"menu_order":0,"comment_status":"closed","ping_status":"closed","template":"","meta":{"footnotes":""},"class_list":["post-236","page","type-page","status-publish","hentry"],"_links":{"self":[{"href":"https:\/\/scoalaberceniph.ro\/index.php\/wp-json\/wp\/v2\/pages\/236","targetHints":{"allow":["GET"]}}],"collection":[{"href":"https:\/\/scoalaberceniph.ro\/index.php\/wp-json\/wp\/v2\/pages"}],"about":[{"href":"https:\/\/scoalaberceniph.ro\/index.php\/wp-json\/wp\/v2\/types\/page"}],"author":[{"embeddable":true,"href":"https:\/\/scoalaberceniph.ro\/index.php\/wp-json\/wp\/v2\/users\/1"}],"replies":[{"embeddable":true,"href":"https:\/\/scoalaberceniph.ro\/index.php\/wp-json\/wp\/v2\/comments?post=236"}],"version-history":[{"count":1,"href":"https:\/\/scoalaberceniph.ro\/index.php\/wp-json\/wp\/v2\/pages\/236\/revisions"}],"predecessor-version":[{"id":237,"href":"https:\/\/scoalaberceniph.ro\/index.php\/wp-json\/wp\/v2\/pages\/236\/revisions\/237"}],"wp:attachment":[{"href":"https:\/\/scoalaberceniph.ro\/index.php\/wp-json\/wp\/v2\/media?parent=236"}],"curies":[{"name":"wp","href":"https:\/\/api.w.org\/{rel}","templated":true}]}}